{"id":3352,"date":"2023-05-17T14:04:49","date_gmt":"2023-05-17T14:04:49","guid":{"rendered":"https:\/\/brigetio.hu\/muzejna-pedagogika\/digitalne-vzdelavanie\/"},"modified":"2023-06-30T12:42:15","modified_gmt":"2023-06-30T12:42:15","slug":"digitalne-vzdelavanie","status":"publish","type":"page","link":"https:\/\/brigetio.hu\/sk\/muzejna-pedagogika\/digitalne-vzdelavanie\/","title":{"rendered":"Digit\u00e1lne vzdel\u00e1vanie"},"content":{"rendered":"<p>Materi\u00e1ly k stiahnutiu (v ma\u010farskom jazyku):<\/p>\n<link rel=\"stylesheet\" href=\"https:\/\/brigetio.hu\/wp-content\/plugins\/elementor\/assets\/css\/widget-icon-box.min.css\">\n\t\t\t\t<a href=\"https:\/\/brigetio.hu\/wp-content\/uploads\/2023\/05\/40-eves-a-Komaromi-Klapka-Gyorgy-Muzeum.pdf\" target=\"_blank\" rel=\"noopener\"><br \/>\n\t\t\t\t<svg xmlns=\"http:\/\/www.w3.org\/2000\/svg\" xmlns:xlink=\"http:\/\/www.w3.org\/1999\/xlink\" id=\"Capa_1\" x=\"0px\" y=\"0px\" viewBox=\"0 0 512 512\" style=\"enable-background:new 0 0 512 512;\" xml:space=\"preserve\"><\/p>\n<style type=\"text\/css\">\t.st0{fill:#C7442F;}<\/style>\n<path d=\"M451.5,272c11,0,20-9,20-20V20c0-11-9-20-20-20H141.1c-0.2,0-0.4,0-0.6,0s-0.4,0-0.6,0h-39.4 c-33.1,0-60,26.9-60,60v392c0,33.1,26.9,60,60,60h351c11,0,20-9,20-20s-9-20-20-20h-351c-11,0-20-9-20-20c0-11,9-20,20-20h351 c11,0,20-9,20-20v-60c0-11-9-20-20-20c-11,0-20,9-20,20v40h-271V40h271v212C431.5,263.1,440.4,272,451.5,272z M120.5,392h-20 c-7,0-13.7,1.2-20,3.4V60c0-11,9-20,20-20h20V392z M361.5,119c11,0,20,9,20,20s-9,20-20,20h-131c-11,0-20-9-20-20c0-11,9-20,20-20 H361.5z\"><\/path><\/svg>\t\t\t\t<\/a><br \/>\n\t\t\t\t\t<a href=\"https:\/\/brigetio.hu\/wp-content\/uploads\/2023\/05\/40-eves-a-Komaromi-Klapka-Gyorgy-Muzeum.pdf\" target=\"_blank\" rel=\"noopener\"><br \/>\n\t\t\t\t\t\tM\u00fazeum Gy\u00f6rgya Klapku v Kom\u00e1rome m\u00e1 40 rokov\t\t\t\t\t<\/a><\/p>\n<p>\n\t\t\t\t\t\t<strong> Sz\u00e1mad\u00f3 Emese,<\/strong><br \/>\nKom\u00e1rom, 2005\t\t\t\t\t<\/p>\n<p>\t\t\t\t<a href=\"https:\/\/brigetio.hu\/wp-content\/uploads\/2023\/05\/Uj-Szonytol-Komaromig.pdf\" target=\"_blank\" rel=\"noopener\"><br \/>\n\t\t\t\t<svg xmlns=\"http:\/\/www.w3.org\/2000\/svg\" xmlns:xlink=\"http:\/\/www.w3.org\/1999\/xlink\" id=\"Capa_1\" x=\"0px\" y=\"0px\" viewBox=\"0 0 512 512\" style=\"enable-background:new 0 0 512 512;\" xml:space=\"preserve\"><\/p>\n<style type=\"text\/css\">\t.st0{fill:#C7442F;}<\/style>\n<path d=\"M451.5,272c11,0,20-9,20-20V20c0-11-9-20-20-20H141.1c-0.2,0-0.4,0-0.6,0s-0.4,0-0.6,0h-39.4 c-33.1,0-60,26.9-60,60v392c0,33.1,26.9,60,60,60h351c11,0,20-9,20-20s-9-20-20-20h-351c-11,0-20-9-20-20c0-11,9-20,20-20h351 c11,0,20-9,20-20v-60c0-11-9-20-20-20c-11,0-20,9-20,20v40h-271V40h271v212C431.5,263.1,440.4,272,451.5,272z M120.5,392h-20 c-7,0-13.7,1.2-20,3.4V60c0-11,9-20,20-20h20V392z M361.5,119c11,0,20,9,20,20s-9,20-20,20h-131c-11,0-20-9-20-20c0-11,9-20,20-20 H361.5z\"><\/path><\/svg>\t\t\t\t<\/a><br \/>\n\t\t\t\t\t<a href=\"https:\/\/brigetio.hu\/wp-content\/uploads\/2023\/05\/Uj-Szonytol-Komaromig.pdf\" target=\"_blank\" rel=\"noopener\"><br \/>\n\t\t\t\t\t\tZ \u00daj-Sz\u0151ny do Kom\u00e1romu. Hist\u00f3ria priemyslu, priemyseln\u00edci, obchodn\u00edci a podnikatelia v gastro sektore Kom\u00e1rome, 1896-1951 \t\t\t\t\t<\/a><\/p>\n<p>\n\t\t\t\t\t\t<strong> Sz\u00e1mad\u00f3 Emese,<\/strong><br \/>\nKom\u00e1rom, 2006 \u00e9s 2014\t\t\t\t\t<\/p>\n<p>\t\t\t\t<a href=\"https:\/\/brigetio.hu\/wp-content\/uploads\/2023\/05\/Komarom-es-telepulesreszeinek-egyesulese.pdf\" target=\"_blank\" rel=\"noopener\"><br \/>\n\t\t\t\t<svg xmlns=\"http:\/\/www.w3.org\/2000\/svg\" xmlns:xlink=\"http:\/\/www.w3.org\/1999\/xlink\" id=\"Capa_1\" x=\"0px\" y=\"0px\" viewBox=\"0 0 512 512\" style=\"enable-background:new 0 0 512 512;\" xml:space=\"preserve\"><\/p>\n<style type=\"text\/css\">\t.st0{fill:#C7442F;}<\/style>\n<path d=\"M451.5,272c11,0,20-9,20-20V20c0-11-9-20-20-20H141.1c-0.2,0-0.4,0-0.6,0s-0.4,0-0.6,0h-39.4 c-33.1,0-60,26.9-60,60v392c0,33.1,26.9,60,60,60h351c11,0,20-9,20-20s-9-20-20-20h-351c-11,0-20-9-20-20c0-11,9-20,20-20h351 c11,0,20-9,20-20v-60c0-11-9-20-20-20c-11,0-20,9-20,20v40h-271V40h271v212C431.5,263.1,440.4,272,451.5,272z M120.5,392h-20 c-7,0-13.7,1.2-20,3.4V60c0-11,9-20,20-20h20V392z M361.5,119c11,0,20,9,20,20s-9,20-20,20h-131c-11,0-20-9-20-20c0-11,9-20,20-20 H361.5z\"><\/path><\/svg>\t\t\t\t<\/a><br \/>\n\t\t\t\t\t<a href=\"https:\/\/brigetio.hu\/wp-content\/uploads\/2023\/05\/Komarom-es-telepulesreszeinek-egyesulese.pdf\" target=\"_blank\" rel=\"noopener\"><br \/>\n\t\t\t\t\t\tDejiny Kom\u00e1romu a jeho \u010dast\u00ed\t\t\t\t\t<\/a><\/p>\n<p>\n\t\t\t\t\t\t<strong>Sz\u00e1mad\u00f3 Emese &#8211; Herczeg Ren\u00e1ta -Turi Zsolt,<\/strong><br \/>\nKom\u00e1rom, 2007\t\t\t\t\t<\/p>\n<p>\t\t\t\t<a href=\"https:\/\/brigetio.hu\/wp-content\/uploads\/2023\/05\/Hetkoznapi-ahitat.pdf\" target=\"_blank\" rel=\"noopener\"><br \/>\n\t\t\t\t<svg xmlns=\"http:\/\/www.w3.org\/2000\/svg\" xmlns:xlink=\"http:\/\/www.w3.org\/1999\/xlink\" id=\"Capa_1\" x=\"0px\" y=\"0px\" viewBox=\"0 0 512 512\" style=\"enable-background:new 0 0 512 512;\" xml:space=\"preserve\"><\/p>\n<style type=\"text\/css\">\t.st0{fill:#C7442F;}<\/style>\n<path d=\"M451.5,272c11,0,20-9,20-20V20c0-11-9-20-20-20H141.1c-0.2,0-0.4,0-0.6,0s-0.4,0-0.6,0h-39.4 c-33.1,0-60,26.9-60,60v392c0,33.1,26.9,60,60,60h351c11,0,20-9,20-20s-9-20-20-20h-351c-11,0-20-9-20-20c0-11,9-20,20-20h351 c11,0,20-9,20-20v-60c0-11-9-20-20-20c-11,0-20,9-20,20v40h-271V40h271v212C431.5,263.1,440.4,272,451.5,272z M120.5,392h-20 c-7,0-13.7,1.2-20,3.4V60c0-11,9-20,20-20h20V392z M361.5,119c11,0,20,9,20,20s-9,20-20,20h-131c-11,0-20-9-20-20c0-11,9-20,20-20 H361.5z\"><\/path><\/svg>\t\t\t\t<\/a><br \/>\n\t\t\t\t\t<a href=\"https:\/\/brigetio.hu\/wp-content\/uploads\/2023\/05\/Hetkoznapi-ahitat.pdf\" target=\"_blank\" rel=\"noopener\"><br \/>\n\t\t\t\t\t\tN\u00e1bo\u017eenstvo. Religionistika na ju\u017enom Slovensku \t\t\t\t\t<\/a><\/p>\n<p>\n\t\t\t\t\t\t<strong>Horsa Istv\u00e1nn\u00e9,<\/strong><br \/>\nKom\u00e1rom, 2008\t\t\t\t\t<\/p>\n<p>\t\t\t\t<a href=\"https:\/\/brigetio.hu\/wp-content\/uploads\/2023\/05\/SOLI-DEO-GLORIA.pdf\" target=\"_blank\" rel=\"noopener\"><br \/>\n\t\t\t\t<svg xmlns=\"http:\/\/www.w3.org\/2000\/svg\" xmlns:xlink=\"http:\/\/www.w3.org\/1999\/xlink\" id=\"Capa_1\" x=\"0px\" y=\"0px\" viewBox=\"0 0 512 512\" style=\"enable-background:new 0 0 512 512;\" xml:space=\"preserve\"><\/p>\n<style type=\"text\/css\">\t.st0{fill:#C7442F;}<\/style>\n<path d=\"M451.5,272c11,0,20-9,20-20V20c0-11-9-20-20-20H141.1c-0.2,0-0.4,0-0.6,0s-0.4,0-0.6,0h-39.4 c-33.1,0-60,26.9-60,60v392c0,33.1,26.9,60,60,60h351c11,0,20-9,20-20s-9-20-20-20h-351c-11,0-20-9-20-20c0-11,9-20,20-20h351 c11,0,20-9,20-20v-60c0-11-9-20-20-20c-11,0-20,9-20,20v40h-271V40h271v212C431.5,263.1,440.4,272,451.5,272z M120.5,392h-20 c-7,0-13.7,1.2-20,3.4V60c0-11,9-20,20-20h20V392z M361.5,119c11,0,20,9,20,20s-9,20-20,20h-131c-11,0-20-9-20-20c0-11,9-20,20-20 H361.5z\"><\/path><\/svg>\t\t\t\t<\/a><br \/>\n\t\t\t\t\t<a href=\"https:\/\/brigetio.hu\/wp-content\/uploads\/2023\/05\/SOLI-DEO-GLORIA.pdf\" target=\"_blank\" rel=\"noopener\"><br \/>\n\t\t\t\t\t\t&#8222;Soli Deo gloria.&#8220; Hist\u00f3ria evanjelick\u00fdch kostolov v Kom\u00e1rome na oboch brehoch Dunaja\t\t\t\t\t<\/a><\/p>\n<p>\n\t\t\t\t\t\t<strong>Sz\u00e1mad\u00f3 Emese \u2013 Turi Zsolt \u2013 Fritz Beke \u00c9va \u2013 Galo Vilmos \u2013 K\u00f6rtv\u00e9lyesi Piroska \u2013 M\u00e9sz\u00e1ros S\u00e1ndor \u2013 Bath\u00f3 B\u00e9la,<br \/>\n<\/strong><br \/>\nKom\u00e1rom, 2017\t\t\t\t\t<\/p>\n<p>\t\t\t\t<a href=\"https:\/\/brigetio.hu\/wp-content\/uploads\/2023\/05\/Romai-kori-falfesteszet-Pannoniaban.pdf\" target=\"_blank\" rel=\"noopener\"><br \/>\n\t\t\t\t<svg xmlns=\"http:\/\/www.w3.org\/2000\/svg\" xmlns:xlink=\"http:\/\/www.w3.org\/1999\/xlink\" id=\"Capa_1\" x=\"0px\" y=\"0px\" viewBox=\"0 0 512 512\" style=\"enable-background:new 0 0 512 512;\" xml:space=\"preserve\"><\/p>\n<style type=\"text\/css\">\t.st0{fill:#C7442F;}<\/style>\n<path d=\"M451.5,272c11,0,20-9,20-20V20c0-11-9-20-20-20H141.1c-0.2,0-0.4,0-0.6,0s-0.4,0-0.6,0h-39.4 c-33.1,0-60,26.9-60,60v392c0,33.1,26.9,60,60,60h351c11,0,20-9,20-20s-9-20-20-20h-351c-11,0-20-9-20-20c0-11,9-20,20-20h351 c11,0,20-9,20-20v-60c0-11-9-20-20-20c-11,0-20,9-20,20v40h-271V40h271v212C431.5,263.1,440.4,272,451.5,272z M120.5,392h-20 c-7,0-13.7,1.2-20,3.4V60c0-11,9-20,20-20h20V392z M361.5,119c11,0,20,9,20,20s-9,20-20,20h-131c-11,0-20-9-20-20c0-11,9-20,20-20 H361.5z\"><\/path><\/svg>\t\t\t\t<\/a><br \/>\n\t\t\t\t\t<a href=\"https:\/\/brigetio.hu\/wp-content\/uploads\/2023\/05\/Romai-kori-falfesteszet-Pannoniaban.pdf\" target=\"_blank\" rel=\"noopener\"><br \/>\n\t\t\t\t\t\tR\u00edmska n\u00e1stenn\u00e1 ma\u013eba v Pan\u00f3nii. Zborn\u00edk medzin\u00e1rodnej konferencie. \t\t\t\t\t<\/a><\/p>\n<p>\n\t\t\t\t\t\t(Acta Archaeologica Brigetionensia Ser I. Vol. 1.) <br \/>\n<strong>Borhy L\u00e1szl\u00f3 (szerk.),<\/strong><br \/>\nKom\u00e1rom, 2000\t\t\t\t\t<\/p>\n<p>\t\t\t\t<a href=\"https:\/\/brigetio.hu\/wp-content\/uploads\/2023\/05\/Romai-kori-csontfaragvanyok-es-modern-hamisitvanyok.pdf\" target=\"_blank\" rel=\"noopener\"><br \/>\n\t\t\t\t<svg xmlns=\"http:\/\/www.w3.org\/2000\/svg\" xmlns:xlink=\"http:\/\/www.w3.org\/1999\/xlink\" id=\"Capa_1\" x=\"0px\" y=\"0px\" viewBox=\"0 0 512 512\" style=\"enable-background:new 0 0 512 512;\" xml:space=\"preserve\"><\/p>\n<style type=\"text\/css\">\t.st0{fill:#C7442F;}<\/style>\n<path d=\"M451.5,272c11,0,20-9,20-20V20c0-11-9-20-20-20H141.1c-0.2,0-0.4,0-0.6,0s-0.4,0-0.6,0h-39.4 c-33.1,0-60,26.9-60,60v392c0,33.1,26.9,60,60,60h351c11,0,20-9,20-20s-9-20-20-20h-351c-11,0-20-9-20-20c0-11,9-20,20-20h351 c11,0,20-9,20-20v-60c0-11-9-20-20-20c-11,0-20,9-20,20v40h-271V40h271v212C431.5,263.1,440.4,272,451.5,272z M120.5,392h-20 c-7,0-13.7,1.2-20,3.4V60c0-11,9-20,20-20h20V392z M361.5,119c11,0,20,9,20,20s-9,20-20,20h-131c-11,0-20-9-20-20c0-11,9-20,20-20 H361.5z\"><\/path><\/svg>\t\t\t\t<\/a><br \/>\n\t\t\t\t\t<a href=\"https:\/\/brigetio.hu\/wp-content\/uploads\/2023\/05\/Romai-kori-csontfaragvanyok-es-modern-hamisitvanyok.pdf\" target=\"_blank\" rel=\"noopener\"><br \/>\n\t\t\t\t\t\tR\u00edmske rezby z kost\u00ed a modern\u00e9 falzifik\u00e1ty. Umenie vyrez\u00e1vania kost\u00ed v Brigetiu \t\t\t\t\t<\/a><\/p>\n<p>\n\t\t\t\t\t\t(Acta Archaeologica Brigetionensia Ser I. Vol. 2.)<br \/>\n<strong>Borhy L\u00e1szl\u00f3 \u2013 Bartus D\u00e1vid \u2013 F\u00e9nyes Gabriella \u2013 Mikl\u00f3sity Sz\u0151ke Mih\u00e1ly \u2013 P\u00e1szt\u00f3kai Sze\u0151ke Judit \u2013 Sz\u00e1mad\u00f3 Emese,<br \/>\n<\/strong><br \/>\nKom\u00e1rom, 2001\t\t\t\t\t<\/p>\n<p>\t\t\t\t<a href=\"https:\/\/brigetio.hu\/wp-content\/uploads\/2023\/05\/Borhy-Laszlo-Szamado-Emese-Gemmak-gemmas-gyuruk-es-ekszerek-Brigetioban.pdf\" target=\"_blank\" rel=\"noopener\"><br \/>\n\t\t\t\t<svg xmlns=\"http:\/\/www.w3.org\/2000\/svg\" xmlns:xlink=\"http:\/\/www.w3.org\/1999\/xlink\" id=\"Capa_1\" x=\"0px\" y=\"0px\" viewBox=\"0 0 512 512\" style=\"enable-background:new 0 0 512 512;\" xml:space=\"preserve\"><\/p>\n<style type=\"text\/css\">\t.st0{fill:#C7442F;}<\/style>\n<path d=\"M451.5,272c11,0,20-9,20-20V20c0-11-9-20-20-20H141.1c-0.2,0-0.4,0-0.6,0s-0.4,0-0.6,0h-39.4 c-33.1,0-60,26.9-60,60v392c0,33.1,26.9,60,60,60h351c11,0,20-9,20-20s-9-20-20-20h-351c-11,0-20-9-20-20c0-11,9-20,20-20h351 c11,0,20-9,20-20v-60c0-11-9-20-20-20c-11,0-20,9-20,20v40h-271V40h271v212C431.5,263.1,440.4,272,451.5,272z M120.5,392h-20 c-7,0-13.7,1.2-20,3.4V60c0-11,9-20,20-20h20V392z M361.5,119c11,0,20,9,20,20s-9,20-20,20h-131c-11,0-20-9-20-20c0-11,9-20,20-20 H361.5z\"><\/path><\/svg>\t\t\t\t<\/a><br \/>\n\t\t\t\t\t<a href=\"https:\/\/brigetio.hu\/wp-content\/uploads\/2023\/05\/Borhy-Laszlo-Szamado-Emese-Gemmak-gemmas-gyuruk-es-ekszerek-Brigetioban.pdf\" target=\"_blank\" rel=\"noopener\"><br \/>\n\t\t\t\t\t\tDrahokamy, prstene a \u0161perky v Brigetio\t\t\t\t\t<\/a><\/p>\n<p>\n\t\t\t\t\t\t(Acta Archaeologica Brigetionensia Ser I. Vol. 4.)<br \/>\n<strong>Borhy L\u00e1szl\u00f3 \u2013 Sz\u00e1mad\u00f3 Emese,<\/strong><br \/>\nKom\u00e1rom, 2003\t\t\t\t\t<\/p>\n<p>\t\t\t\t<a href=\"https:\/\/brigetio.hu\/wp-content\/uploads\/2023\/05\/Acta-Archaeologica.pdf\" target=\"_blank\" rel=\"noopener\"><br \/>\n\t\t\t\t<svg xmlns=\"http:\/\/www.w3.org\/2000\/svg\" xmlns:xlink=\"http:\/\/www.w3.org\/1999\/xlink\" id=\"Capa_1\" x=\"0px\" y=\"0px\" viewBox=\"0 0 512 512\" style=\"enable-background:new 0 0 512 512;\" xml:space=\"preserve\"><\/p>\n<style type=\"text\/css\">\t.st0{fill:#C7442F;}<\/style>\n<path d=\"M451.5,272c11,0,20-9,20-20V20c0-11-9-20-20-20H141.1c-0.2,0-0.4,0-0.6,0s-0.4,0-0.6,0h-39.4 c-33.1,0-60,26.9-60,60v392c0,33.1,26.9,60,60,60h351c11,0,20-9,20-20s-9-20-20-20h-351c-11,0-20-9-20-20c0-11,9-20,20-20h351 c11,0,20-9,20-20v-60c0-11-9-20-20-20c-11,0-20,9-20,20v40h-271V40h271v212C431.5,263.1,440.4,272,451.5,272z M120.5,392h-20 c-7,0-13.7,1.2-20,3.4V60c0-11,9-20,20-20h20V392z M361.5,119c11,0,20,9,20,20s-9,20-20,20h-131c-11,0-20-9-20-20c0-11,9-20,20-20 H361.5z\"><\/path><\/svg>\t\t\t\t<\/a><br \/>\n\t\t\t\t\t<a href=\"https:\/\/brigetio.hu\/wp-content\/uploads\/2023\/05\/Acta-Archaeologica.pdf\" target=\"_blank\" rel=\"noopener\"><br \/>\n\t\t\t\t\t\tSprievodca po kamenn\u00fdch rezb\u00e1ch z r\u00edmskej doby z oblasti Kom\u00e1rom\t\t\t\t\t<\/a><\/p>\n<p>\n\t\t\t\t\t\t(Acta Archaeologica Brigetionensia Ser I. Vol. 5.)<br \/>\n<br \/>\n<strong>Borhy L\u00e1szl\u00f3,<\/strong><br \/>\nKom\u00e1rom, 2006\t\t\t\t\t<\/p>\n<p>\t\t\t\t<a href=\"https:\/\/brigetio.hu\/wp-content\/uploads\/2023\/05\/Philippus_Arabs_csaszar_brigetioi_torven.pdf\" target=\"_blank\" rel=\"noopener\"><br \/>\n\t\t\t\t<svg xmlns=\"http:\/\/www.w3.org\/2000\/svg\" xmlns:xlink=\"http:\/\/www.w3.org\/1999\/xlink\" id=\"Capa_1\" x=\"0px\" y=\"0px\" viewBox=\"0 0 512 512\" style=\"enable-background:new 0 0 512 512;\" xml:space=\"preserve\"><\/p>\n<style type=\"text\/css\">\t.st0{fill:#C7442F;}<\/style>\n<path d=\"M451.5,272c11,0,20-9,20-20V20c0-11-9-20-20-20H141.1c-0.2,0-0.4,0-0.6,0s-0.4,0-0.6,0h-39.4 c-33.1,0-60,26.9-60,60v392c0,33.1,26.9,60,60,60h351c11,0,20-9,20-20s-9-20-20-20h-351c-11,0-20-9-20-20c0-11,9-20,20-20h351 c11,0,20-9,20-20v-60c0-11-9-20-20-20c-11,0-20,9-20,20v40h-271V40h271v212C431.5,263.1,440.4,272,451.5,272z M120.5,392h-20 c-7,0-13.7,1.2-20,3.4V60c0-11,9-20,20-20h20V392z M361.5,119c11,0,20,9,20,20s-9,20-20,20h-131c-11,0-20-9-20-20c0-11,9-20,20-20 H361.5z\"><\/path><\/svg>\t\t\t\t<\/a><br \/>\n\t\t\t\t\t<a href=\"https:\/\/brigetio.hu\/wp-content\/uploads\/2023\/05\/Philippus_Arabs_csaszar_brigetioi_torven.pdf\" target=\"_blank\" rel=\"noopener\"><br \/>\n\t\t\t\t\t\tTabu\u013eka pr\u00e1v cis\u00e1ra Philippus Arabs z oblasti Brigetio\t\t\t\t\t<\/a><\/p>\n<p>\n\t\t\t\t\t\t(Acta Archaeologica Brigetionensia Ser I. Vol. 7.)<br \/>\n<br \/>\n<strong>Borhy L\u00e1szl\u00f3 &#8211; Bartus D\u00e1vid \u2013 Sz\u00e1mad\u00f3 Emese,<br \/>\n<\/strong><br \/>\nKom\u00e1rom, 2015\t\t\t\t\t<\/p>\n<p>\t\t\t\t<a href=\"https:\/\/brigetio.hu\/wp-content\/uploads\/2023\/05\/Bartus-David-Bronzistenek_Romai-kori-figuralis-bronzplasztika-Brigetioban.pdf\" target=\"_blank\" rel=\"noopener\"><br \/>\n\t\t\t\t<svg xmlns=\"http:\/\/www.w3.org\/2000\/svg\" xmlns:xlink=\"http:\/\/www.w3.org\/1999\/xlink\" id=\"Capa_1\" x=\"0px\" y=\"0px\" viewBox=\"0 0 512 512\" style=\"enable-background:new 0 0 512 512;\" xml:space=\"preserve\"><\/p>\n<style type=\"text\/css\">\t.st0{fill:#C7442F;}<\/style>\n<path d=\"M451.5,272c11,0,20-9,20-20V20c0-11-9-20-20-20H141.1c-0.2,0-0.4,0-0.6,0s-0.4,0-0.6,0h-39.4 c-33.1,0-60,26.9-60,60v392c0,33.1,26.9,60,60,60h351c11,0,20-9,20-20s-9-20-20-20h-351c-11,0-20-9-20-20c0-11,9-20,20-20h351 c11,0,20-9,20-20v-60c0-11-9-20-20-20c-11,0-20,9-20,20v40h-271V40h271v212C431.5,263.1,440.4,272,451.5,272z M120.5,392h-20 c-7,0-13.7,1.2-20,3.4V60c0-11,9-20,20-20h20V392z M361.5,119c11,0,20,9,20,20s-9,20-20,20h-131c-11,0-20-9-20-20c0-11,9-20,20-20 H361.5z\"><\/path><\/svg>\t\t\t\t<\/a><br \/>\n\t\t\t\t\t<a href=\"https:\/\/brigetio.hu\/wp-content\/uploads\/2023\/05\/Bartus-David-Bronzistenek_Romai-kori-figuralis-bronzplasztika-Brigetioban.pdf\" target=\"_blank\" rel=\"noopener\"><br \/>\n\t\t\t\t\t\tBronzov\u00ed bohovia. Figur\u00e1lne bronzov\u00e9 sochy z r\u00edmskeho obdobia \t\t\t\t\t<\/a><\/p>\n<p>\n\t\t\t\t\t\t(Acta Archaeologica Brigetionensia Ser I. Vol. 8.)<br \/>\n<br \/>\n<strong>Bartus D\u00e1vid,<\/strong><br \/>\nKom\u00e1rom, 2015\t\t\t\t\t<\/p>\n<p>\t\t\t\t<a href=\"https:\/\/brigetio.hu\/wp-content\/uploads\/2023\/05\/Szinnyei-Jozsef-Komarom-1848-49-ben-Naplo-jegyzetek_compressed.pdf\" target=\"_blank\" rel=\"noopener\"><br \/>\n\t\t\t\t<svg xmlns=\"http:\/\/www.w3.org\/2000\/svg\" xmlns:xlink=\"http:\/\/www.w3.org\/1999\/xlink\" id=\"Capa_1\" x=\"0px\" y=\"0px\" viewBox=\"0 0 512 512\" style=\"enable-background:new 0 0 512 512;\" xml:space=\"preserve\"><\/p>\n<style type=\"text\/css\">\t.st0{fill:#C7442F;}<\/style>\n<path d=\"M451.5,272c11,0,20-9,20-20V20c0-11-9-20-20-20H141.1c-0.2,0-0.4,0-0.6,0s-0.4,0-0.6,0h-39.4 c-33.1,0-60,26.9-60,60v392c0,33.1,26.9,60,60,60h351c11,0,20-9,20-20s-9-20-20-20h-351c-11,0-20-9-20-20c0-11,9-20,20-20h351 c11,0,20-9,20-20v-60c0-11-9-20-20-20c-11,0-20,9-20,20v40h-271V40h271v212C431.5,263.1,440.4,272,451.5,272z M120.5,392h-20 c-7,0-13.7,1.2-20,3.4V60c0-11,9-20,20-20h20V392z M361.5,119c11,0,20,9,20,20s-9,20-20,20h-131c-11,0-20-9-20-20c0-11,9-20,20-20 H361.5z\"><\/path><\/svg>\t\t\t\t<\/a><br \/>\n\t\t\t\t\t<a href=\"https:\/\/brigetio.hu\/wp-content\/uploads\/2023\/05\/Szinnyei-Jozsef-Komarom-1848-49-ben-Naplo-jegyzetek_compressed.pdf\" target=\"_blank\" rel=\"noopener\"><br \/>\n\t\t\t\t\t\tKom\u00e1rom v rokoch 1848-1849\t\t\t\t\t<\/a><\/p>\n<p>\n\t\t\t\t\t\t<strong>Szinnyei J\u00f3zsef,<\/strong><br \/>\nKom\u00e1rom, 2000\t\t\t\t\t<\/p>\n","protected":false},"excerpt":{"rendered":"<p>Materi\u00e1ly k stiahnutiu (v ma\u010farskom jazyku): M\u00fazeum Gy\u00f6rgya Klapku v Kom\u00e1rome m\u00e1 40 rokov Sz\u00e1mad\u00f3 Emese, Kom\u00e1rom, 2005 Z \u00daj-Sz\u0151ny do Kom\u00e1romu. Hist\u00f3ria priemyslu, priemyseln\u00edci, obchodn\u00edci a podnikatelia v gastro sektore Kom\u00e1rome, 1896-1951 Sz\u00e1mad\u00f3 Emese, Kom\u00e1rom, 2006 \u00e9s 2014 Dejiny Kom\u00e1romu a jeho \u010dast\u00ed Sz\u00e1mad\u00f3 Emese &#8211; Herczeg Ren\u00e1ta -Turi Zsolt, Kom\u00e1rom, 2007 N\u00e1bo\u017eenstvo. Religionistika [&hellip;]<\/p>\n","protected":false},"author":1,"featured_media":0,"parent":3348,"menu_order":0,"comment_status":"closed","ping_status":"closed","template":"","meta":{"_acf_changed":false,"footnotes":""},"class_list":["post-3352","page","type-page","status-publish","hentry"],"acf":[],"_links":{"self":[{"href":"https:\/\/brigetio.hu\/sk\/wp-json\/wp\/v2\/pages\/3352","targetHints":{"allow":["GET"]}}],"collection":[{"href":"https:\/\/brigetio.hu\/sk\/wp-json\/wp\/v2\/pages"}],"about":[{"href":"https:\/\/brigetio.hu\/sk\/wp-json\/wp\/v2\/types\/page"}],"author":[{"embeddable":true,"href":"https:\/\/brigetio.hu\/sk\/wp-json\/wp\/v2\/users\/1"}],"replies":[{"embeddable":true,"href":"https:\/\/brigetio.hu\/sk\/wp-json\/wp\/v2\/comments?post=3352"}],"version-history":[{"count":6,"href":"https:\/\/brigetio.hu\/sk\/wp-json\/wp\/v2\/pages\/3352\/revisions"}],"predecessor-version":[{"id":3845,"href":"https:\/\/brigetio.hu\/sk\/wp-json\/wp\/v2\/pages\/3352\/revisions\/3845"}],"up":[{"embeddable":true,"href":"https:\/\/brigetio.hu\/sk\/wp-json\/wp\/v2\/pages\/3348"}],"wp:attachment":[{"href":"https:\/\/brigetio.hu\/sk\/wp-json\/wp\/v2\/media?parent=3352"}],"curies":[{"name":"wp","href":"https:\/\/api.w.org\/{rel}","templated":true}]}}