{"id":3360,"date":"2023-04-20T11:04:19","date_gmt":"2023-04-20T11:04:19","guid":{"rendered":"https:\/\/brigetio.hu\/szechenyi-2020\/"},"modified":"2023-06-30T12:45:01","modified_gmt":"2023-06-30T12:45:01","slug":"szechenyi-2020","status":"publish","type":"page","link":"https:\/\/brigetio.hu\/sk\/szechenyi-2020\/","title":{"rendered":"Sz\u00e9chenyi 2020"},"content":{"rendered":"\t\t<div data-elementor-type=\"wp-page\" data-elementor-id=\"3360\" class=\"elementor elementor-3360 elementor-31\" data-elementor-post-type=\"page\">\n\t\t\t\t\t\t<section class=\"elementor-section elementor-top-section elementor-element elementor-element-138bf05f elementor-section-full_width elementor-section-height-default elementor-section-height-default\" data-id=\"138bf05f\" data-element_type=\"section\">\n\t\t\t\t\t\t<div class=\"elementor-container elementor-column-gap-default\">\n\t\t\t\t\t<div class=\"elementor-column elementor-col-50 elementor-top-column elementor-element elementor-element-68a41254\" data-id=\"68a41254\" data-element_type=\"column\" data-settings=\"{&quot;background_background&quot;:&quot;classic&quot;}\">\n\t\t\t<div class=\"elementor-widget-wrap elementor-element-populated\">\n\t\t\t\t\t\t<div class=\"elementor-element elementor-element-57808e80 elementor-widget elementor-widget-heading\" data-id=\"57808e80\" data-element_type=\"widget\" data-widget_type=\"heading.default\">\n\t\t\t\t<div class=\"elementor-widget-container\">\n\t\t\t\t\t<h2 class=\"elementor-heading-title elementor-size-default\">POPIS PROJEKTU<\/h2>\t\t\t\t<\/div>\n\t\t\t\t<\/div>\n\t\t\t\t<div class=\"elementor-element elementor-element-3c6d9370 elementor-widget elementor-widget-text-editor\" data-id=\"3c6d9370\" data-element_type=\"widget\" data-widget_type=\"text-editor.default\">\n\t\t\t\t<div class=\"elementor-widget-container\">\n\t\t\t\t\t\t\t\t\t<p><strong>N\u00e1zov pr\u00edjemcu:<\/strong><br \/>Magistr\u00e1t mesta Kom\u00e1rom<\/p>\n<p><strong>N\u00e1zov projektu:<\/strong> Dedi\u010dstvo Brigetio &#8211; vytvorenie n\u00e1v\u0161tevn\u00edckeho centra v Kom\u00e1rome<\/p>\n<p><strong>Identifika\u010dn\u00e9 \u010d\u00edslo projektu:<\/strong> TOP-1.2.1.15-KO1-2016-00002<\/p>\n<p><strong>Pl\u00e1novan\u00fd term\u00edn ukon\u010denia projektu:<\/strong> 30.6.2023. <\/p>\n<p><strong>V\u00fd\u0161ka podpory:<\/strong> 250 000 000 HUF<\/p>\n<p><strong>Miera dot\u00e1cie:<\/strong> 100%<\/p>\n<p><strong>Celkov\u00e9 n\u00e1klady na projekt:<\/strong> 1 403 120 393 HUF<\/p>\n\t\t\t\t\t\t\t\t<\/div>\n\t\t\t\t<\/div>\n\t\t\t\t\t<\/div>\n\t\t<\/div>\n\t\t\t\t<div class=\"elementor-column elementor-col-50 elementor-top-column elementor-element elementor-element-62315cb\" data-id=\"62315cb\" data-element_type=\"column\" data-settings=\"{&quot;background_background&quot;:&quot;classic&quot;}\">\n\t\t\t<div class=\"elementor-widget-wrap elementor-element-populated\">\n\t\t\t\t\t\t<div class=\"elementor-element elementor-element-c263630 elementor-widget elementor-widget-spacer\" data-id=\"c263630\" data-element_type=\"widget\" data-widget_type=\"spacer.default\">\n\t\t\t\t<div class=\"elementor-widget-container\">\n\t\t\t\t\t\t\t<div class=\"elementor-spacer\">\n\t\t\t<div class=\"elementor-spacer-inner\"><\/div>\n\t\t<\/div>\n\t\t\t\t\t\t<\/div>\n\t\t\t\t<\/div>\n\t\t\t\t\t<\/div>\n\t\t<\/div>\n\t\t\t\t\t<\/div>\n\t\t<\/section>\n\t\t\t\t<section class=\"elementor-section elementor-top-section elementor-element elementor-element-3f979551 elementor-section-full_width elementor-section-height-default elementor-section-height-default\" data-id=\"3f979551\" data-element_type=\"section\" data-settings=\"{&quot;background_background&quot;:&quot;classic&quot;}\">\n\t\t\t\t\t\t<div class=\"elementor-container elementor-column-gap-default\">\n\t\t\t\t\t<div class=\"elementor-column elementor-col-50 elementor-top-column elementor-element elementor-element-5d522c3e\" data-id=\"5d522c3e\" data-element_type=\"column\">\n\t\t\t<div class=\"elementor-widget-wrap elementor-element-populated\">\n\t\t\t\t\t\t<div class=\"elementor-element elementor-element-7a23ea16 elementor-widget elementor-widget-text-editor\" data-id=\"7a23ea16\" data-element_type=\"widget\" data-widget_type=\"text-editor.default\">\n\t\t\t\t<div class=\"elementor-widget-container\">\n\t\t\t\t\t\t\t\t\t<p>Jedn\u00fdm z cie\u013eov projektu je prezentova\u0165 n\u00e1lezy objaven\u00e9 v oblasti b\u00fdvalej r\u00edmskej osady Brigetio n\u00e1v\u0161tevn\u00edkom priate\u013esk\u00fdm sp\u00f4sobom, vybavi\u0165 v\u00fdstavu interakt\u00edvnymi n\u00e1strojmi a vytvori\u0165 inovat\u00edvnu, estetick\u00fa budovu a v\u00fdstavn\u00fd priestor, ktor\u00fd sp\u013a\u0148a po\u017eiadavky 21. storo\u010dia a sp\u00e1ja r\u00edmsku minulos\u0165 Kom\u00e1romu so s\u00fa\u010dasnos\u0165ou. <\/p>\n<p>Brigetio, le\u017eiace v oblasti Sz\u0151nyi, bolo popri Aquincum najv\u00fdznamnej\u0161ou osadou ma\u010farsk\u00e9ho \u00faseku pannonia limes. V\u00fdznam potvrdzuj\u00fa aj v\u00fdsledky archeologick\u00fdch v\u00fdskumov od roku 1992, ve\u013ekolep\u00e9 architektonick\u00e9 pamiatky (r\u00edmske k\u00fapele na brehu Dunaja objaven\u00e9 v roku 2014 a v are\u00e1li t\u00e1bora l\u00e9gi\u00ed v rokoch 2021-22), svetozn\u00e1me n\u00e1lezy (sl\u00e1vne n\u00e1stenn\u00e9 ma\u013eby Brigetio objaven\u00e9 na Trhovom n\u00e1mest\u00ed v Sz\u0151nyi) a z\u00e1konn\u00edk Philippa Arabsa, objaven\u00fd v rokoch 2014-2015. <\/p>\n\t\t\t\t\t\t\t\t<\/div>\n\t\t\t\t<\/div>\n\t\t\t\t\t<\/div>\n\t\t<\/div>\n\t\t\t\t<div class=\"elementor-column elementor-col-50 elementor-top-column elementor-element elementor-element-6fbac7dd\" data-id=\"6fbac7dd\" data-element_type=\"column\">\n\t\t\t<div class=\"elementor-widget-wrap elementor-element-populated\">\n\t\t\t\t\t\t<div class=\"elementor-element elementor-element-2507a3bc elementor-widget elementor-widget-text-editor\" data-id=\"2507a3bc\" data-element_type=\"widget\" data-widget_type=\"text-editor.default\">\n\t\t\t\t<div class=\"elementor-widget-container\">\n\t\t\t\t\t\t\t\t\t<p>Na\u0161\u00edm cie\u013eom je predstavi\u0165 n\u00e1v\u0161tevn\u00edkom kult\u00farnu atrakciu zalo\u017een\u00fa na miestnych \u010drt\u00e1ch, \u010di u\u017e samostatne alebo spolu s \u010fal\u0161\u00edmi v\u00fdstavn\u00fdmi priestormi m\u00fazea (R\u00edmske m\u00fazeum kame\u0148a, Expoz\u00edcia ma\u010farskej n\u00e1mornej hist\u00f3rie Dr. Franti\u0161ka Jubu, Pam\u00e4tn\u00e1 izba Czibora Zolt\u00e1na, Pam\u00e4tn\u00fd dom L\u00e1szl\u00f3a Kecsk\u00e9sa), \u010di in\u00e9 turistick\u00e9 atrakcie v Kom\u00e1rome (pevnostn\u00fd syst\u00e9m, k\u00fapele), ktor\u00e9 pon\u00fakaj\u00fa pestr\u00fd program pre v\u0161etky vekov\u00e9 kateg\u00f3rie, v\u010faka \u010domu sa v\u00fdrazne zvy\u0161uje turistick\u00e1 atraktivita mesta.<\/p>\n<p>Pova\u017eujeme za d\u00f4le\u017eit\u00e9, aby sa n\u00e1v\u0161tevn\u00edci zozn\u00e1mili s v\u00fdsledkami v\u00fdskumn\u00fdch pr\u00e1c akademika, rektora ELTE Prof. dr. L\u00e1szl\u00f3a Borhyho, dekana ELTE BTK dr. D\u00e1vida Bartusa a riadite\u013eky m\u00fazea Emese Sz\u00e1mad\u00f3.<\/p>\n\t\t\t\t\t\t\t\t<\/div>\n\t\t\t\t<\/div>\n\t\t\t\t\t<\/div>\n\t\t<\/div>\n\t\t\t\t\t<\/div>\n\t\t<\/section>\n\t\t\t\t<section class=\"elementor-section elementor-top-section elementor-element elementor-element-417502c7 elementor-section-full_width elementor-section-height-default elementor-section-height-default\" data-id=\"417502c7\" data-element_type=\"section\">\n\t\t\t\t\t\t<div class=\"elementor-container elementor-column-gap-default\">\n\t\t\t\t\t<div class=\"elementor-column elementor-col-50 elementor-top-column elementor-element elementor-element-5852650f\" data-id=\"5852650f\" data-element_type=\"column\">\n\t\t\t<div class=\"elementor-widget-wrap elementor-element-populated\">\n\t\t\t\t\t\t<div class=\"elementor-element elementor-element-499b1f85 elementor-widget elementor-widget-text-editor\" data-id=\"499b1f85\" data-element_type=\"widget\" data-widget_type=\"text-editor.default\">\n\t\t\t\t<div class=\"elementor-widget-container\">\n\t\t\t\t\t\t\t\t\t<p>\u010eal\u0161\u00edm cie\u013eom projektu je umo\u017eni\u0165 m\u00fazeu Gy\u00f6rgya Klapku v Kom\u00e1rome, v ktorom sa n\u00e1lezy v s\u00fa\u010dasnosti nach\u00e1dzaj\u00fa, pres\u0165ahova\u0165 sa do zmodernizovanej budovy a da\u0165 tak pokladom Brigetia d\u00f4stojn\u00fd vzh\u013ead a z\u00e1zemie. Takmer 300 000 expon\u00e1tom v podobe archeologick\u00fdch, numizmatick\u00fdch, historick\u00fdch, etnografick\u00fdch, v\u00fdtvarn\u00fdch, priemyseln\u00fdch a technick\u00fdch predmetov, fotografi\u00ed a dokumentov, chceme poskytn\u00fa\u0165 nov\u00e9, d\u00f4stojn\u00e9 miesto. M\u00fazeum sa ka\u017edoro\u010dne obohacuje o 25 000 \u2013 26 000 expon\u00e1tov, predov\u0161etk\u00fdm v d\u00f4sledku archeologickej \u010dinnosti.  <\/p>\n\t\t\t\t\t\t\t\t<\/div>\n\t\t\t\t<\/div>\n\t\t\t\t<div class=\"elementor-element elementor-element-885a314 elementor-widget elementor-widget-text-editor\" data-id=\"885a314\" data-element_type=\"widget\" data-widget_type=\"text-editor.default\">\n\t\t\t\t<div class=\"elementor-widget-container\">\n\t\t\t\t\t\t\t\t\t<p>Hist\u00f3ria budovy, ktor\u00e1 je v r\u00e1mci projektu renovovan\u00e1, siaha a\u017e do za\u010diatku 20. storo\u010dia. P\u00f4vodne bola s\u00eddlom ma\u010farsk\u00e9ho \u017ereb\u010d\u00edna v Kom\u00e1rome. Od roku 1962 bola budova s\u00eddlom Po\u013enohospod\u00e1rskeho kombin\u00e1tu Kom\u00e1rom a od roku 2006 s\u00eddlom jeho pr\u00e1vneho n\u00e1stupcu. Nehnute\u013enos\u0165 k\u00fapilo mesto Kom\u00e1rno v roku 2011. Budova, ktor\u00e1 sa m\u00e1 v r\u00e1mci projektu zrekon\u0161truova\u0165, patr\u00ed do \u0161peci\u00e1lnej kateg\u00f3rie budov a nach\u00e1dza sa v centre mesta.    <\/p>\n\t\t\t\t\t\t\t\t<\/div>\n\t\t\t\t<\/div>\n\t\t\t\t\t<\/div>\n\t\t<\/div>\n\t\t\t\t<div class=\"elementor-column elementor-col-25 elementor-top-column elementor-element elementor-element-277e2954\" data-id=\"277e2954\" data-element_type=\"column\">\n\t\t\t<div class=\"elementor-widget-wrap elementor-element-populated\">\n\t\t\t\t\t\t<div class=\"elementor-element elementor-element-786fa734 elementor-widget elementor-widget-image\" data-id=\"786fa734\" data-element_type=\"widget\" data-widget_type=\"image.default\">\n\t\t\t\t<div class=\"elementor-widget-container\">\n\t\t\t\t\t\t\t\t\t\t\t\t\t\t\t<img fetchpriority=\"high\" decoding=\"async\" width=\"683\" height=\"1024\" src=\"https:\/\/brigetio.hu\/wp-content\/uploads\/2023\/04\/brigetio_komarom_-20-683x1024.jpg\" class=\"attachment-large size-large wp-image-2711\" alt=\"\" srcset=\"https:\/\/brigetio.hu\/wp-content\/uploads\/2023\/04\/brigetio_komarom_-20-683x1024.jpg 683w, https:\/\/brigetio.hu\/wp-content\/uploads\/2023\/04\/brigetio_komarom_-20-200x300.jpg 200w, https:\/\/brigetio.hu\/wp-content\/uploads\/2023\/04\/brigetio_komarom_-20-768x1152.jpg 768w, https:\/\/brigetio.hu\/wp-content\/uploads\/2023\/04\/brigetio_komarom_-20-1024x1536.jpg 1024w, https:\/\/brigetio.hu\/wp-content\/uploads\/2023\/04\/brigetio_komarom_-20.jpg 1280w\" sizes=\"(max-width: 683px) 100vw, 683px\" \/>\t\t\t\t\t\t\t\t\t\t\t\t\t\t\t<\/div>\n\t\t\t\t<\/div>\n\t\t\t\t\t<\/div>\n\t\t<\/div>\n\t\t\t\t<div class=\"elementor-column elementor-col-25 elementor-top-column elementor-element elementor-element-5d3ded93\" data-id=\"5d3ded93\" data-element_type=\"column\" data-settings=\"{&quot;background_background&quot;:&quot;classic&quot;}\">\n\t\t\t<div class=\"elementor-widget-wrap elementor-element-populated\">\n\t\t\t\t\t\t<div class=\"elementor-element elementor-element-35e45675 elementor-hidden-mobile elementor-widget elementor-widget-spacer\" data-id=\"35e45675\" data-element_type=\"widget\" data-widget_type=\"spacer.default\">\n\t\t\t\t<div class=\"elementor-widget-container\">\n\t\t\t\t\t\t\t<div class=\"elementor-spacer\">\n\t\t\t<div class=\"elementor-spacer-inner\"><\/div>\n\t\t<\/div>\n\t\t\t\t\t\t<\/div>\n\t\t\t\t<\/div>\n\t\t\t\t<div class=\"elementor-element elementor-element-32fa7c3e elementor-widget elementor-widget-image\" data-id=\"32fa7c3e\" data-element_type=\"widget\" data-widget_type=\"image.default\">\n\t\t\t\t<div class=\"elementor-widget-container\">\n\t\t\t\t\t\t\t\t\t\t\t\t\t\t\t<img decoding=\"async\" width=\"800\" height=\"534\" src=\"https:\/\/brigetio.hu\/wp-content\/uploads\/2023\/04\/brigetio_komarom_-26-1024x683.jpg\" class=\"attachment-large size-large wp-image-2717\" alt=\"\" srcset=\"https:\/\/brigetio.hu\/wp-content\/uploads\/2023\/04\/brigetio_komarom_-26-1024x683.jpg 1024w, https:\/\/brigetio.hu\/wp-content\/uploads\/2023\/04\/brigetio_komarom_-26-300x200.jpg 300w, https:\/\/brigetio.hu\/wp-content\/uploads\/2023\/04\/brigetio_komarom_-26-768x512.jpg 768w, https:\/\/brigetio.hu\/wp-content\/uploads\/2023\/04\/brigetio_komarom_-26-1536x1024.jpg 1536w, https:\/\/brigetio.hu\/wp-content\/uploads\/2023\/04\/brigetio_komarom_-26.jpg 1920w\" sizes=\"(max-width: 800px) 100vw, 800px\" \/>\t\t\t\t\t\t\t\t\t\t\t\t\t\t\t<\/div>\n\t\t\t\t<\/div>\n\t\t\t\t<div class=\"elementor-element elementor-element-3e801865 elementor-hidden-mobile elementor-widget elementor-widget-spacer\" data-id=\"3e801865\" data-element_type=\"widget\" data-widget_type=\"spacer.default\">\n\t\t\t\t<div class=\"elementor-widget-container\">\n\t\t\t\t\t\t\t<div class=\"elementor-spacer\">\n\t\t\t<div class=\"elementor-spacer-inner\"><\/div>\n\t\t<\/div>\n\t\t\t\t\t\t<\/div>\n\t\t\t\t<\/div>\n\t\t\t\t\t<\/div>\n\t\t<\/div>\n\t\t\t\t\t<\/div>\n\t\t<\/section>\n\t\t\t\t<section class=\"elementor-section elementor-top-section elementor-element elementor-element-11705c42 elementor-section-full_width elementor-section-height-default elementor-section-height-default\" data-id=\"11705c42\" data-element_type=\"section\" data-settings=\"{&quot;background_background&quot;:&quot;classic&quot;}\">\n\t\t\t\t\t\t<div class=\"elementor-container elementor-column-gap-default\">\n\t\t\t\t\t<div class=\"elementor-column elementor-col-50 elementor-top-column elementor-element elementor-element-2c8f1e40\" data-id=\"2c8f1e40\" data-element_type=\"column\" data-settings=\"{&quot;background_background&quot;:&quot;classic&quot;}\">\n\t\t\t<div class=\"elementor-widget-wrap elementor-element-populated\">\n\t\t\t\t\t\t<div class=\"elementor-element elementor-element-3cf2754 elementor-widget elementor-widget-spacer\" data-id=\"3cf2754\" data-element_type=\"widget\" data-widget_type=\"spacer.default\">\n\t\t\t\t<div class=\"elementor-widget-container\">\n\t\t\t\t\t\t\t<div class=\"elementor-spacer\">\n\t\t\t<div class=\"elementor-spacer-inner\"><\/div>\n\t\t<\/div>\n\t\t\t\t\t\t<\/div>\n\t\t\t\t<\/div>\n\t\t\t\t\t<\/div>\n\t\t<\/div>\n\t\t\t\t<div class=\"elementor-column elementor-col-50 elementor-top-column elementor-element elementor-element-2a177641\" data-id=\"2a177641\" data-element_type=\"column\" data-settings=\"{&quot;background_background&quot;:&quot;classic&quot;}\">\n\t\t\t<div class=\"elementor-widget-wrap elementor-element-populated\">\n\t\t\t\t\t\t<div class=\"elementor-element elementor-element-2c676ca4 elementor-widget elementor-widget-text-editor\" data-id=\"2c676ca4\" data-element_type=\"widget\" data-widget_type=\"text-editor.default\">\n\t\t\t\t<div class=\"elementor-widget-container\">\n\t\t\t\t\t\t\t\t\t<p><strong>Po\u010das rekon\u0161trukcie sa uskuto\u010dn\u00ed nasledovn\u00e9:<\/strong><\/p>\n<ul>\n<li>obnova p\u00f4vodnej fas\u00e1dy, zateplenie plochy 1582,29 m<sup>2<\/sup>,<\/li>\n<li>san\u00e1cia stre\u0161nej kon\u0161trukcie s plochou 1154,5 m<sup>2<\/sup>,<\/li>\n<li>moderniz\u00e1cia vykurovania,<\/li>\n<li>v\u00fdstavba 51+5 parkovac\u00edch miest na ploche 713m<sup>2<\/sup>,<\/li>\n<li>v\u00fdstavba chodn\u00edka s plochou 984 m<sup>2<\/sup>,<\/li>\n<li>v\u00fdstavba cesty s plochou 1076 m<sup>2<\/sup><\/li>\n<li>v\u00fdstavba kan\u00e1la pre da\u017e\u010fov\u00fa vodu s plochou 534 m,<\/li>\n<li>vytvorenie parku ve\u013ekosti 1299 m<sup>2<\/sup>,<\/li>\n<li>pouli\u010dn\u00e9ho osvetlenia na ploche 1789 m<\/li>\n<li>vznikn\u00fa 3 nov\u00e9 pracovn\u00e9 miesta<\/li>\n<\/ul>\n\t\t\t\t\t\t\t\t<\/div>\n\t\t\t\t<\/div>\n\t\t\t\t\t<\/div>\n\t\t<\/div>\n\t\t\t\t\t<\/div>\n\t\t<\/section>\n\t\t\t\t<section class=\"elementor-section elementor-top-section elementor-element elementor-element-092482c elementor-section-full_width elementor-section-height-default elementor-section-height-default\" data-id=\"092482c\" data-element_type=\"section\" data-settings=\"{&quot;background_background&quot;:&quot;classic&quot;}\">\n\t\t\t\t\t\t<div class=\"elementor-container elementor-column-gap-default\">\n\t\t\t\t\t<div class=\"elementor-column elementor-col-50 elementor-top-column elementor-element elementor-element-bd0a159\" data-id=\"bd0a159\" data-element_type=\"column\">\n\t\t\t<div class=\"elementor-widget-wrap elementor-element-populated\">\n\t\t\t\t\t\t<div class=\"elementor-element elementor-element-4f2f004 elementor-widget elementor-widget-text-editor\" data-id=\"4f2f004\" data-element_type=\"widget\" data-widget_type=\"text-editor.default\">\n\t\t\t\t<div class=\"elementor-widget-container\">\n\t\t\t\t\t\t\t\t\t<p>V objekte bud\u00fa umiestnen\u00e9 nasledovn\u00e9 funkcie: turistick\u00fd showroom (st\u00e1le a do\u010dasn\u00e9 expoz\u00edcie), sklad, sklad, kancel\u00e1ria, kaviare\u0148, detsk\u00fd k\u00fatik, predn\u00e1\u0161kov\u00e1 s\u00e1la, spolo\u010densk\u00e9 bloky.<\/p>\n<p>N\u00e1v\u0161tevn\u00edcke centrum uv\u00edta svojich n\u00e1v\u0161tevn\u00edkov aj <strong>kaviar\u0148ou a predaj\u0148ou suven\u00edrov<\/strong>. Tie poskytn\u00fa dokonal\u00e9 miesto pre <strong>predaj produktov od mal\u00fdch a stredn\u00fdch podnikate\u013eov.<\/strong> Vytvoren\u00edm detsk\u00e9ho k\u00fatika pon\u00fakame rodin\u00e1m s de\u0165mi \u010fal\u0161ie mo\u017enosti z\u00e1bavy.  <\/p>\n<p>Vytvoren\u00edm predn\u00e1\u0161kovej s\u00e1ly m\u00f4\u017eeme organizova\u0165 pre \u0161tudentov a deti v letn\u00fdch t\u00e1boroch predn\u00e1\u0161ky s\u00favisiace s expoz\u00edciou alebo odborn\u00e9 stretnutia oh\u013eadom archeologick\u00fdch vykop\u00e1vok.<\/p>\n<p>N\u00e1v\u0161tevn\u00edcke centrum v\u00edta n\u00e1v\u0161tevn\u00edkov celoro\u010dne, <strong>vr\u00e1tane nedele a sviatkov (v pondelok je centrum zatvoren\u00e9)<\/strong>.<\/p>\n<p>Zriaden\u00e9 <strong>parkovisk\u00e1 a stojany na bicykle<\/strong> bud\u00fa dostupn\u00e9 pre ka\u017ed\u00e9ho, v priestoroch pre n\u00e1v\u0161tevn\u00edkov a po\u010das prev\u00e1dzky je zabezpe\u010den\u00e1 mo\u017enos\u0165 <strong>zberu trieden\u00e9ho odpadu<\/strong>.<\/p>\n\t\t\t\t\t\t\t\t<\/div>\n\t\t\t\t<\/div>\n\t\t\t\t\t<\/div>\n\t\t<\/div>\n\t\t\t\t<div class=\"elementor-column elementor-col-50 elementor-top-column elementor-element elementor-element-a19e203\" data-id=\"a19e203\" data-element_type=\"column\">\n\t\t\t<div class=\"elementor-widget-wrap elementor-element-populated\">\n\t\t\t\t\t\t<div class=\"elementor-element elementor-element-f02364f elementor-widget elementor-widget-text-editor\" data-id=\"f02364f\" data-element_type=\"widget\" data-widget_type=\"text-editor.default\">\n\t\t\t\t<div class=\"elementor-widget-container\">\n\t\t\t\t\t\t\t\t\t<p>N\u00e1v\u0161tevn\u00edcke centrum prezentuje archeologick\u00e9 n\u00e1lezy prostredn\u00edctvom inovat\u00edvnych prvkov.<\/p>\n<p>\u0160trukt\u00faru starovek\u00e9ho r\u00edmskeho mesta a p\u00f4dorys jednotliv\u00fdch budov si vieme predstavi\u0165 na z\u00e1klade 3D rekon\u0161trukci\u00ed, interi\u00e9ry budov pod\u013ea rekon\u0161trukcie pek\u00e1rne, izby, pivnice a sv\u00e4tyne. Toto v\u0161etko je doplnen\u00e9 n\u00e1stenn\u00fdmi a stropn\u00fdmi ma\u013ebami, ktor\u00e9 s\u00fa prezentovan\u00e9 pod \u010diasto\u010dne sklenenou tabu\u013eou.<\/p>\n<p>N\u00e1stenn\u00e9 a stropn\u00e9 ma\u013eby objaven\u00e9 v Sz\u0151nyi z obdobia 200. &#8211; 300. n\u00e1\u0161ho letopo\u010dtu pon\u00fakaj\u00fa vzru\u0161uj\u00faci poh\u013ead do sveta interi\u00e9rovej architekt\u00fary z r\u00edmskeho obdobia. N\u00e1stenn\u00e9 a stropn\u00e9 ma\u013eby s\u00fa v m\u00fazeu prezentovan\u00e9 pod sklenenou ochranou.   <\/p>\n<p>N\u00e1lezy zo sv\u00e4tyne Brigetio s\u00fdrskeho boha vojny Iuppitera Dolichena umo\u017e\u0148uj\u00fa nahliadnu\u0165 do tajomn\u00e9ho sveta starovek\u00fdch mysteri\u00f3znych n\u00e1bo\u017eenstiev a predstavuj\u00fa neskoror\u00edmske hroby spolu s kostrami a ich bohat\u00fdmi n\u00e1lezmi. Poskytuj\u00fa tak poh\u013ead na starovek\u00e9 pohrebn\u00e9 zvyky.<\/p>\n\t\t\t\t\t\t\t\t<\/div>\n\t\t\t\t<\/div>\n\t\t\t\t\t<\/div>\n\t\t<\/div>\n\t\t\t\t\t<\/div>\n\t\t<\/section>\n\t\t\t\t<section class=\"elementor-section elementor-top-section elementor-element elementor-element-64f8f15 elementor-section-full_width elementor-section-height-default elementor-section-height-default\" data-id=\"64f8f15\" data-element_type=\"section\" data-settings=\"{&quot;background_background&quot;:&quot;classic&quot;}\">\n\t\t\t\t\t\t<div class=\"elementor-container elementor-column-gap-default\">\n\t\t\t\t\t<div class=\"elementor-column elementor-col-100 elementor-top-column elementor-element elementor-element-fe140f1\" data-id=\"fe140f1\" data-element_type=\"column\">\n\t\t\t<div class=\"elementor-widget-wrap elementor-element-populated\">\n\t\t\t\t\t\t<div class=\"elementor-element elementor-element-c2c7e3c elementor-widget elementor-widget-text-editor\" data-id=\"c2c7e3c\" data-element_type=\"widget\" data-widget_type=\"text-editor.default\">\n\t\t\t\t<div class=\"elementor-widget-container\">\n\t\t\t\t\t\t\t\t\t<p>Inform\u00e1cie o expoz\u00edcii s\u00fa doplnen\u00e9 o fotografie, rekon\u0161trukcie, texty, filmy, hry, \u0161tvorjazy\u010dn\u00e9ho (ma\u010farsk\u00fd, anglick\u00fd, nemeck\u00fd, slovensk\u00fd) sprievodcu s QR k\u00f3dom. Z\u00e1\u017eitok umoc\u0148uje aj virtu\u00e1lny sprievodca mestom.<\/p>\n<p>N\u00e1v\u0161tevn\u00edcke centrum bude ma\u0165 Wi-Fi a vlastn\u00fa webov\u00fa str\u00e1nku. Tak bude mo\u017en\u00e9 rezervova\u0165 si term\u00edn a registrova\u0165 skupiny. V\u010faka smartf\u00f3nom poskytujeme aj viacjazy\u010dn\u00e9 digit\u00e1lne prehliadky so sprievodcom pomocou QR k\u00f3dov. Inform\u00e1cie o expoz\u00edcii m\u00f4\u017eu hostia dost\u00e1va\u0165 na vlastn\u00e9 telef\u00f3ny z webovej str\u00e1nky centra. Okrem toho bud\u00fa dostupn\u00e9 aj tradi\u010dn\u00e9 prehliadky v sprievode \u0161tudovan\u00e9ho person\u00e1lu.     <\/p>\n<p>Dostupn\u00e9 dotykov\u00e9 obrazovky zais\u0165uj\u00fa hrav\u00fd z\u00e1\u017eitok a z\u00edskavanie vedomost\u00ed pre v\u0161etky vekov\u00e9 skupiny.<\/p>\n\t\t\t\t\t\t\t\t<\/div>\n\t\t\t\t<\/div>\n\t\t\t\t\t<\/div>\n\t\t<\/div>\n\t\t\t\t\t<\/div>\n\t\t<\/section>\n\t\t\t\t<section class=\"elementor-section elementor-top-section elementor-element elementor-element-2664c14 elementor-section-full_width elementor-section-height-default elementor-section-height-default\" data-id=\"2664c14\" data-element_type=\"section\" data-settings=\"{&quot;background_background&quot;:&quot;classic&quot;}\">\n\t\t\t\t\t\t<div class=\"elementor-container elementor-column-gap-default\">\n\t\t\t\t\t<div class=\"elementor-column elementor-col-50 elementor-top-column elementor-element elementor-element-772e1a4\" data-id=\"772e1a4\" data-element_type=\"column\" data-settings=\"{&quot;background_background&quot;:&quot;classic&quot;}\">\n\t\t\t<div class=\"elementor-widget-wrap elementor-element-populated\">\n\t\t\t\t\t\t<div class=\"elementor-element elementor-element-5ecf590 elementor-widget elementor-widget-spacer\" data-id=\"5ecf590\" data-element_type=\"widget\" data-widget_type=\"spacer.default\">\n\t\t\t\t<div class=\"elementor-widget-container\">\n\t\t\t\t\t\t\t<div class=\"elementor-spacer\">\n\t\t\t<div class=\"elementor-spacer-inner\"><\/div>\n\t\t<\/div>\n\t\t\t\t\t\t<\/div>\n\t\t\t\t<\/div>\n\t\t\t\t\t<\/div>\n\t\t<\/div>\n\t\t\t\t<div class=\"elementor-column elementor-col-50 elementor-top-column elementor-element elementor-element-ab7870f\" data-id=\"ab7870f\" data-element_type=\"column\" data-settings=\"{&quot;background_background&quot;:&quot;classic&quot;}\">\n\t\t\t<div class=\"elementor-widget-wrap elementor-element-populated\">\n\t\t\t\t\t\t<div class=\"elementor-element elementor-element-16b4761 elementor-widget elementor-widget-text-editor\" data-id=\"16b4761\" data-element_type=\"widget\" data-widget_type=\"text-editor.default\">\n\t\t\t\t<div class=\"elementor-widget-container\">\n\t\t\t\t\t\t\t\t\t<p>Viac inform\u00e1ci\u00ed o projekte (v ma\u010farskom jazyku):<\/p>\n<p><a href=\"http:\/\/www.komarom.hu\/top_1_2_1.php\" target=\"_blank\" rel=\"noopener\">http:\/\/www.komarom.hu\/top_1_2_1.php<\/a><\/p>\n<p>Video na YouTube o projekte (v ma\u010farskom jazyku):<\/p>\n<ul>\n<li>Predstavujeme N\u00e1v\u0161tevn\u00edcke centrum Brigetio: <a href=\"https:\/\/www.youtube.com\/watch?v=7qNdKAxpupQ&amp;t=2s\" target=\"_blank\" rel=\"noopener\">https:\/\/www.youtube.com\/watch?v=7qNdKAxpupQ&amp;t=2s <\/a><\/li>\n<\/ul>\n<ul>\n<li>M\u00fazeum Gy\u00f6rgya Klapku v Kom\u00e1rome sa pres\u0165ahovalo do budovy b\u00fdval\u00e9ho kombin\u00e1tu: <a href=\"https:\/\/www.youtube.com\/watch?v=-PKLUgVmCPk\" target=\"_blank\" rel=\"noopener\">https:\/\/www.youtube.com\/watch?v=-PKLUgVmCPk<\/a><\/li>\n<\/ul>\n\t\t\t\t\t\t\t\t<\/div>\n\t\t\t\t<\/div>\n\t\t\t\t\t<\/div>\n\t\t<\/div>\n\t\t\t\t\t<\/div>\n\t\t<\/section>\n\t\t\t\t<section class=\"elementor-section elementor-top-section elementor-element elementor-element-87a84f3 elementor-section-full_width elementor-section-height-default elementor-section-height-default\" data-id=\"87a84f3\" data-element_type=\"section\" data-settings=\"{&quot;background_background&quot;:&quot;classic&quot;}\">\n\t\t\t\t\t\t<div class=\"elementor-container elementor-column-gap-default\">\n\t\t\t\t\t<div class=\"elementor-column elementor-col-50 elementor-top-column elementor-element elementor-element-da05aa8\" data-id=\"da05aa8\" data-element_type=\"column\" data-settings=\"{&quot;background_background&quot;:&quot;classic&quot;}\">\n\t\t\t<div class=\"elementor-widget-wrap elementor-element-populated\">\n\t\t\t\t\t\t<div class=\"elementor-element elementor-element-5249ca4 elementor-widget elementor-widget-text-editor\" data-id=\"5249ca4\" data-element_type=\"widget\" data-widget_type=\"text-editor.default\">\n\t\t\t\t<div class=\"elementor-widget-container\">\n\t\t\t\t\t\t\t\t\t<p>Tla\u010dov\u00e9 spr\u00e1vy t\u00fdkaj\u00face sa N\u00e1v\u0161tevn\u00edckeho centra dedi\u010dstva Brigetio (v ma\u010farskom jazyku):<\/p>\n<ul>\n<li><a href=\"https:\/\/www.kemma.hu\/helyi-kozelet\/2021\/06\/a-komaromiak-bepillanthattak-a-brigetio-oroksege-latogatokozpontba\" target=\"_blank\" rel=\"noopener\">https:\/\/www.kemma.hu\/helyi-kozelet\/2021\/06\/a-komaromiak-bepillanthattak-a-brigetio-oroksege-latogatokozpontba<\/a><\/li>\n<\/ul>\n<ul>\n<li><a href=\"https:\/\/www.kemma.hu\/helyi-kozelet\/2023\/04\/hamarosan-megnyitjak-a-latogatokozpontot-komaromban\" target=\"_blank\" rel=\"noopener\">https:\/\/www.kemma.hu\/helyi-kozelet\/2023\/04\/hamarosan-megnyitjak-a-latogatokozpontot-komaromban<\/a><\/li>\n<\/ul>\n<ul>\n<li><a href=\"https:\/\/ujszo.com\/regio\/igazi-varosi-beruhazas-bejartak-a-brigetio-oroksege-latogatokozpont\" target=\"_blank\" rel=\"noopener\">https:\/\/ujszo.com\/regio\/igazi-varosi-beruhazas-bejartak-a-brigetio-oroksege-latogatokozpont<\/a><\/li>\n<\/ul>\n<ul>\n<li><a href=\"https:\/\/www.kisalfold.hu\/helyi-kozelet\/2023\/02\/seta-a-komaromi-brigetio-oroksege-latogatokozpontban\" target=\"_blank\" rel=\"noopener\">https:\/\/www.kisalfold.hu\/helyi-kozelet\/2023\/02\/seta-a-komaromi-brigetio-oroksege-latogatokozpontban<\/a><\/li>\n<\/ul>\n\t\t\t\t\t\t\t\t<\/div>\n\t\t\t\t<\/div>\n\t\t\t\t<div class=\"elementor-element elementor-element-e68cd08 elementor-mobile-align-left elementor-tablet-align-left elementor-widget elementor-widget-button\" data-id=\"e68cd08\" data-element_type=\"widget\" data-widget_type=\"button.default\">\n\t\t\t\t<div class=\"elementor-widget-container\">\n\t\t\t\t\t\t\t\t\t<div class=\"elementor-button-wrapper\">\n\t\t\t\t\t<a class=\"elementor-button elementor-button-link elementor-size-md\" href=\"https:\/\/brigetio.hu\/sk\/napisali-o-nas\/\">\n\t\t\t\t\t\t<span class=\"elementor-button-content-wrapper\">\n\t\t\t\t\t\t\t\t\t<span class=\"elementor-button-text\">Viac<\/span>\n\t\t\t\t\t<\/span>\n\t\t\t\t\t<\/a>\n\t\t\t\t<\/div>\n\t\t\t\t\t\t\t\t<\/div>\n\t\t\t\t<\/div>\n\t\t\t\t\t<\/div>\n\t\t<\/div>\n\t\t\t\t<div class=\"elementor-column elementor-col-50 elementor-top-column elementor-element elementor-element-5a72c81\" data-id=\"5a72c81\" data-element_type=\"column\" data-settings=\"{&quot;background_background&quot;:&quot;classic&quot;}\">\n\t\t\t<div class=\"elementor-widget-wrap elementor-element-populated\">\n\t\t\t\t\t\t<div class=\"elementor-element elementor-element-033884b elementor-widget elementor-widget-spacer\" data-id=\"033884b\" data-element_type=\"widget\" data-widget_type=\"spacer.default\">\n\t\t\t\t<div class=\"elementor-widget-container\">\n\t\t\t\t\t\t\t<div class=\"elementor-spacer\">\n\t\t\t<div class=\"elementor-spacer-inner\"><\/div>\n\t\t<\/div>\n\t\t\t\t\t\t<\/div>\n\t\t\t\t<\/div>\n\t\t\t\t\t<\/div>\n\t\t<\/div>\n\t\t\t\t\t<\/div>\n\t\t<\/section>\n\t\t\t\t<\/div>\n\t\t","protected":false},"excerpt":{"rendered":"<p>POPIS PROJEKTU N\u00e1zov pr\u00edjemcu:Magistr\u00e1t mesta Kom\u00e1rom N\u00e1zov projektu: Dedi\u010dstvo Brigetio &#8211; vytvorenie n\u00e1v\u0161tevn\u00edckeho centra v Kom\u00e1rome Identifika\u010dn\u00e9 \u010d\u00edslo projektu: TOP-1.2.1.15-KO1-2016-00002 Pl\u00e1novan\u00fd term\u00edn ukon\u010denia projektu: 30.6.2023. V\u00fd\u0161ka podpory: 250 000 000 HUF Miera dot\u00e1cie: 100% Celkov\u00e9 n\u00e1klady na projekt: 1 403 120 393 HUF Jedn\u00fdm z cie\u013eov projektu je prezentova\u0165 n\u00e1lezy objaven\u00e9 v oblasti b\u00fdvalej r\u00edmskej [&hellip;]<\/p>\n","protected":false},"author":1,"featured_media":0,"parent":0,"menu_order":0,"comment_status":"closed","ping_status":"closed","template":"","meta":{"_acf_changed":false,"footnotes":""},"class_list":["post-3360","page","type-page","status-publish","hentry"],"acf":[],"_links":{"self":[{"href":"https:\/\/brigetio.hu\/sk\/wp-json\/wp\/v2\/pages\/3360","targetHints":{"allow":["GET"]}}],"collection":[{"href":"https:\/\/brigetio.hu\/sk\/wp-json\/wp\/v2\/pages"}],"about":[{"href":"https:\/\/brigetio.hu\/sk\/wp-json\/wp\/v2\/types\/page"}],"author":[{"embeddable":true,"href":"https:\/\/brigetio.hu\/sk\/wp-json\/wp\/v2\/users\/1"}],"replies":[{"embeddable":true,"href":"https:\/\/brigetio.hu\/sk\/wp-json\/wp\/v2\/comments?post=3360"}],"version-history":[{"count":8,"href":"https:\/\/brigetio.hu\/sk\/wp-json\/wp\/v2\/pages\/3360\/revisions"}],"predecessor-version":[{"id":3851,"href":"https:\/\/brigetio.hu\/sk\/wp-json\/wp\/v2\/pages\/3360\/revisions\/3851"}],"wp:attachment":[{"href":"https:\/\/brigetio.hu\/sk\/wp-json\/wp\/v2\/media?parent=3360"}],"curies":[{"name":"wp","href":"https:\/\/api.w.org\/{rel}","templated":true}]}}